{"id":454,"date":"2019-09-05T16:27:33","date_gmt":"2019-09-05T14:27:33","guid":{"rendered":"https:\/\/mayen-evolene.net\/?page_id=454"},"modified":"2023-04-04T17:35:36","modified_gmt":"2023-04-04T15:35:36","slug":"ferien-in-alphuette-maiensaess-zu-mieten-in-wallis-eringertal-schweiz","status":"publish","type":"page","link":"https:\/\/mayen-evolene.net\/de\/","title":{"rendered":"Ferien in einer abgelegenen H\u00fctte | Maiens\u00e4ss zu mieten in Wallis"},"content":{"rendered":"\n<h2>Ferien in einer abgelegenen H\u00fctte | Maiens\u00e4ss zu mieten in Wallis \u00fcber Evol\u00e8ne (Eringertal-Schweiz)<\/h2>\n<div class=\"aboutpart \"><br \/>\n<div class=\"ofr\" style=\"width:30%;\"><img decoding=\"async\" src=\"https:\/\/mayen-evolene.net\/wp-content\/uploads\/2016\/06\/Logo_Nid_Aigle_Volvoron.jpg\" alt=\"Ferien in Alph\u00fctte | Maiens\u00e4ss zu mieten in Wallis \u00fcber Evol\u00e8ne (Eringertal-Schweiz)\" \/><\/div>Ferien in Alph\u00fctte | einem authentischen Maiens\u00e4ss zu mieten im Jahre 1911 gebaut. Heimkehr und Heilung mit Blick auf eine der sch\u00f6nsten Aussicht in die Alpen. Vor kurzem vollst\u00e4ndig renoviert hat sich dieses Chalet seinen besonderen Charakter erhalten und stellt ein perfektes Gleichgewicht zwischen Modernit\u00e4t und Einfachheit dar. Ein gem\u00fctlicher Zufluchtsort fernab von L\u00e4rm und Hektik der Zivilisation, der zum Innehalten und Verweilen einl\u00e4dt : zur\u00fcck zur Natur, slow life &amp; digital detox.<br \/>\nVolovron : eine einzigartige Sicht auf das Eringertal. Volovron liegt auf einer Sonnenterrasse oberhalb von Evol\u00e8ne, von welcher aus sich eine grandiose Sicht auf s\u00e4mtliche Gipfel der im oberen Val d\u2019H\u00e9rens gelegenen Berge \u00f6ffnet ( Dent d\u2019H\u00e9rens 4\u2019171M\u00fcM, Dent Blanche 4\u2019347M\u00fcM, Dents de Veisivi, T\u00eate Blanche, Mont-Collon, Pigne d&#8217;Arolla, etc&#8230;). Ein befahrbares Str\u00e4sschen garantiert eine komfortable Anreise bis in die N\u00e4he des Chalets.<\/p>\n<ul>\n<li>von April bis Oktober ge\u00f6ffnet<\/li>\n<li>Ankunft: 16:00 ; Abfahrt: 9:00<\/li>\n<li>Aufenthalte unter 7 N\u00e4chte m\u00f6glich nur f\u00fcr &#8222;Last Minute&#8220; Buchungen.<\/li>\n<\/ul>\n<p><a class=\"read-more\" href=\"https:\/\/alpes-pures.com\/de\" target=\"_blank\" rel=\"noopener noreferrer\">Online Buchen<i class=\"fa fa-angle-right mideum\"><\/i><\/a><br \/>\n<\/div>\n<div class=\"servicespart \">\n<ul>\n<li>Tradition &amp; Relax<\/li>\n<li>Authentisches Maiens\u00e4ss<\/li>\n<li>Digital detox :kein TV oder WiFi<\/li>\n<li>Haustiere sind willkommen<\/li>\n<li>Isoliert, absolute Stille<\/li>\n<li>Kein direkter Zugang mit dem Auto<\/li>\n<li>exklusiven Blick<\/li>\n<li>s\u00fcdliche Ausrichtung<\/li>\n<\/ul>\n<p><\/div><br \/>\n<div style=\"clear:both; min-height:20px; margin:25px 0; height:20px; background:url(https:\/\/mayen-evolene.net\/wp-content\/themes\/skt_hotel\/images\/hr_double.png) repeat-x center center transparent;\"><\/div><\/p>\n<h2>Bildgalerie<\/h2>\n<p><div class=\"image-row\"><div class=\"image-set\"><a class=\"example-image-link\" href=\"https:\/\/mayen-evolene.net\/wp-content\/uploads\/2016\/06\/Logo_Nid_Aigle_Volvoron.jpg\" data-lightbox=\"example-set\" data-title=\"[:fr]Nid d&#8217;Aigle[:en]Eagle&#8217;s Nest[:de]Adlernest[:]\"><img decoding=\"async\" class=\"example-image\" src=\"https:\/\/mayen-evolene.net\/wp-content\/uploads\/2016\/06\/Logo_Nid_Aigle_Volvoron.jpg\" \/><span class=\"zoomin\"><\/span><\/a><a class=\"example-image-link\" href=\"https:\/\/mayen-evolene.net\/wp-content\/uploads\/2017\/11\/Chalet_Nid_d_Aigle_Mayen_louer_Evolene_Herens_Valais.jpg\" data-lightbox=\"example-set\" data-title=\"[:fr]Chalet Nid d&#8217;Aigle \u00e0 Volvron sur Evol\u00e8ne &#8211; Un vrai mayen dans le val d&#8217;H\u00e9rens[:en]Chalet Eagle\u2019s Nest \u2013 Alpine Chalet to rent above Evol\u00e8ne (Herens Valley-Valais)[:de]Chalet Adlernest \u2013 Maiens\u00e4ss | Alph\u00fctte zu mieten \u00fcber Evol\u00e8ne (Eringertal-Wallis)[:]\"><img decoding=\"async\" class=\"example-image\" src=\"https:\/\/mayen-evolene.net\/wp-content\/uploads\/2017\/11\/Chalet_Nid_d_Aigle_Mayen_louer_Evolene_Herens_Valais.jpg\" \/><span class=\"zoomin\"><\/span><\/a><a class=\"example-image-link\" href=\"https:\/\/mayen-evolene.net\/wp-content\/uploads\/2018\/11\/Chalet-Nid-dAigle-panorama-haut-val-dH\u00e9rens1.jpg\" data-lightbox=\"example-set\" data-title=\"[:fr]Panorama sur le haut val d&#8217;H\u00e9rens[:en]Panorama on the higher val d&#8217;H\u00e9rens[:de]Panorama \u00fcber Hoch-Eringertal[:]\"><img decoding=\"async\" class=\"example-image\" src=\"https:\/\/mayen-evolene.net\/wp-content\/uploads\/2018\/11\/Chalet-Nid-dAigle-panorama-haut-val-dH\u00e9rens1.jpg\" \/><span class=\"zoomin\"><\/span><\/a><a class=\"example-image-link\" href=\"https:\/\/mayen-evolene.net\/wp-content\/uploads\/2018\/11\/Mayen_Nid_d_Aigle_Volovron_sejour.jpg\" data-lightbox=\"example-set\" data-title=\"[:fr]\u00ab Peyo \u00bb magnifique s\u00e9jour \u00e0 l\u2019ancienne parfaitement restaur\u00e9 [:en]\u00ab Peyo \u00bb : beautiful traditional living room with [:de]\u00ab Peyo \u00bb : Traditionnelle Wohnzimmer mit[:]\"><img decoding=\"async\" class=\"example-image\" src=\"https:\/\/mayen-evolene.net\/wp-content\/uploads\/2018\/11\/Mayen_Nid_d_Aigle_Volovron_sejour.jpg\" \/><span class=\"zoomin\"><\/span><\/a><a class=\"example-image-link\" href=\"https:\/\/mayen-evolene.net\/wp-content\/uploads\/2018\/11\/Mayen_Nid_d_Aigle_Volovron_pierre_ollaire.jpg\" data-lightbox=\"example-set\" data-title=\"[:fr]Authentique pierre ollaire d\u2019Evol\u00e8ne[:en]authentic Evol\u00e8ne-stone stove[:de]Specksteinhofen aus Evol\u00e8ne[:]\"><img decoding=\"async\" class=\"example-image\" src=\"https:\/\/mayen-evolene.net\/wp-content\/uploads\/2018\/11\/Mayen_Nid_d_Aigle_Volovron_pierre_ollaire.jpg\" \/><span class=\"zoomin\"><\/span><\/a><a class=\"example-image-link\" href=\"https:\/\/mayen-evolene.net\/wp-content\/uploads\/2018\/11\/Mayen_Nid_d_Aigle_Volovron_coin_a_manger.jpg\" data-lightbox=\"example-set\" data-title=\"[:fr]Coin \u00e0 manger[:en]Dining area[:de] Essbereich[:]\"><img decoding=\"async\" class=\"example-image\" src=\"https:\/\/mayen-evolene.net\/wp-content\/uploads\/2018\/11\/Mayen_Nid_d_Aigle_Volovron_coin_a_manger.jpg\" \/><span class=\"zoomin\"><\/span><\/a><a class=\"example-image-link\" href=\"https:\/\/mayen-evolene.net\/wp-content\/uploads\/2016\/06\/Mayen_Nid_d_Aigle_Volovron_planeta.jpg\" data-lightbox=\"example-set\" data-title=\"La &#8222;Planeta&#8220;\"><img decoding=\"async\" class=\"example-image\" src=\"https:\/\/mayen-evolene.net\/wp-content\/uploads\/2016\/06\/Mayen_Nid_d_Aigle_Volovron_planeta.jpg\" \/><span class=\"zoomin\"><\/span><\/a><a class=\"example-image-link\" href=\"https:\/\/mayen-evolene.net\/wp-content\/uploads\/2018\/11\/Chalet_Nid_d_Aigle_Volovron_chambre_petit_lit.jpg\" data-lightbox=\"example-set\" data-title=\"[:fr]Chambres \u00e0 coucher avec 2 lits [:en]Sleeping room with 2 beds[:de]Schlafzimmer mit 2 Betten[:]\"><img decoding=\"async\" class=\"example-image\" src=\"https:\/\/mayen-evolene.net\/wp-content\/uploads\/2018\/11\/Chalet_Nid_d_Aigle_Volovron_chambre_petit_lit.jpg\" \/><span class=\"zoomin\"><\/span><\/a><a class=\"example-image-link\" href=\"https:\/\/mayen-evolene.net\/wp-content\/uploads\/2016\/07\/Chalet_Nid_d_Aigle_Volovron_chambre_grand_lit.jpg\" data-lightbox=\"example-set\" data-title=\"[:fr]Chambre avec un grand lit 160*200[:en]Bedroom with 1 big bed 160*200[:de] Schlafzimmer mit 1 Bett 160*200[:]\"><img decoding=\"async\" class=\"example-image\" src=\"https:\/\/mayen-evolene.net\/wp-content\/uploads\/2016\/07\/Chalet_Nid_d_Aigle_Volovron_chambre_grand_lit.jpg\" \/><span class=\"zoomin\"><\/span><\/a><a class=\"example-image-link\" href=\"https:\/\/mayen-evolene.net\/wp-content\/uploads\/2018\/11\/Chalet_Nid_d_Aigle_Volovron_cuisine.jpg\" data-lightbox=\"example-set\" data-title=\"[:fr]La cuisine[:en]The kitchen[:de]Die K\u00fcche[:]\"><img decoding=\"async\" class=\"example-image\" src=\"https:\/\/mayen-evolene.net\/wp-content\/uploads\/2018\/11\/Chalet_Nid_d_Aigle_Volovron_cuisine.jpg\" \/><span class=\"zoomin\"><\/span><\/a><a class=\"example-image-link\" href=\"https:\/\/mayen-evolene.net\/wp-content\/uploads\/2016\/06\/Mayen_Nid_d_Aigle_Volovron_terrasse.jpg\" data-lightbox=\"example-set\" data-title=\"[:fr]La terrasse[:en]Terrace[:de]Terrasse[:]\"><img decoding=\"async\" class=\"example-image\" src=\"https:\/\/mayen-evolene.net\/wp-content\/uploads\/2016\/06\/Mayen_Nid_d_Aigle_Volovron_terrasse.jpg\" \/><span class=\"zoomin\"><\/span><\/a><a class=\"example-image-link\" href=\"https:\/\/mayen-evolene.net\/wp-content\/uploads\/2016\/06\/Chalet_Nid_d_Aigle_Volovron_soiree_au_mayen.jpg\" data-lightbox=\"example-set\" data-title=\"[:fr]soir\u00e9e au mayen[:en]evening at the chalet[:de] Abend in der H\u00fctte[:]\"><img decoding=\"async\" class=\"example-image\" src=\"https:\/\/mayen-evolene.net\/wp-content\/uploads\/2016\/06\/Chalet_Nid_d_Aigle_Volovron_soiree_au_mayen.jpg\" \/><span class=\"zoomin\"><\/span><\/a><a class=\"example-image-link\" href=\"https:\/\/mayen-evolene.net\/wp-content\/uploads\/2016\/06\/Mayen_Nid_d_Aigle_Volovron_grange.jpg\" data-lightbox=\"example-set\" data-title=\"[:fr]La grange[:en]The barn[:de]die Scheune[:]\"><img decoding=\"async\" class=\"example-image\" src=\"https:\/\/mayen-evolene.net\/wp-content\/uploads\/2016\/06\/Mayen_Nid_d_Aigle_Volovron_grange.jpg\" \/><span class=\"zoomin\"><\/span><\/a><a class=\"example-image-link\" href=\"https:\/\/mayen-evolene.net\/wp-content\/uploads\/2016\/06\/Mayen_Nid_d_Aigle_Volovron_vue.jpg\" data-lightbox=\"example-set\" data-title=\"[:fr]La vue sur le Haut val d&#8217;H\u00e9rens[:en]The view on the upper val d&#8217;H\u00e9rens[:de]der Blick auf die Dent-Blanche[:]\"><img decoding=\"async\" class=\"example-image\" src=\"https:\/\/mayen-evolene.net\/wp-content\/uploads\/2016\/06\/Mayen_Nid_d_Aigle_Volovron_vue.jpg\" \/><span class=\"zoomin\"><\/span><\/a><a class=\"example-image-link\" href=\"https:\/\/mayen-evolene.net\/wp-content\/uploads\/2016\/06\/Chalet_Nid_d_Aigle_Volovron_balcon-1.jpg\" data-lightbox=\"example-set\" data-title=\"[:fr]Balcon entre le chalet et la grange[:en]Balcony between the chalet and the barn[:de]Balkon, zwichen Chalet und Scheune[:]\"><img decoding=\"async\" class=\"example-image\" src=\"https:\/\/mayen-evolene.net\/wp-content\/uploads\/2016\/06\/Chalet_Nid_d_Aigle_Volovron_balcon-1.jpg\" \/><span class=\"zoomin\"><\/span><\/a><a class=\"example-image-link\" href=\"https:\/\/mayen-evolene.net\/wp-content\/uploads\/2016\/06\/Chalet_Nid_d_Aigle_Volovron_terrasse.jpg\" data-lightbox=\"example-set\" data-title=\"[:fr]Le chalet et la vue de la terrasse[:en]The view on the upper val d\u2019H\u00e9rens from the terrace[:de]der Blick von der Terrasse[:]\"><img decoding=\"async\" class=\"example-image\" src=\"https:\/\/mayen-evolene.net\/wp-content\/uploads\/2016\/06\/Chalet_Nid_d_Aigle_Volovron_terrasse.jpg\" \/><span class=\"zoomin\"><\/span><\/a><\/div><\/div><br \/>\n<div style=\"clear:both; min-height:20px; margin:25px 0; height:20px; background:url(https:\/\/mayen-evolene.net\/wp-content\/themes\/skt_hotel\/images\/hr_double.png) repeat-x center center transparent;\"><\/div><\/p>\n<h2>Chalet Adlernest Ferien in Alph\u00fctte | Maiens\u00e4ss zu mieten in Wallis : Bewertungen<\/h2>\n<p><div class=\"testimonials-wrap\" style=\"width:100%;\"><br \/>\n<ul id=\"testimonials\"><li class=\"list_testimonials\"><p>Nous avons pass\u00e9 deux semaines inoubliables dans ce sublime chalet. La nouvelle table sur la terrasse offre un cachet suppl\u00e9mentaire de folie. La literie est exceptionnelle et le chalet est vraiment bien \u00e9quip\u00e9. Merci Pascal ... un grand endroit pour les amoureux de la nature.\r\n\r\nXavier M, le 5 juillet 2018 sur Tripadvisor<\/p><cite> Magnifique s\u00e9jour dans un lieu paradisiaque<\/cite><\/li><li class=\"list_testimonials\"><p>Site grandiose, en dessus d'Evol\u00e8ne pour les passionn\u00e9s de nature et de calme. Le chalet est rustique (chauffage au bois, \u00e9lectricit\u00e9 solaire pour l'\u00e9clairage uniquement) mais a tout ce qu'il faut pour passer des vacances reposantes.\r\n\r\nFran\u00e7ois M, Gland, Suisse, le 31 octobre 2017 sur Tripadvisor<\/p><cite> Un lieu surplombant le val d&#8217;H\u00e9rens magnifique<\/cite><\/li><li class=\"list_testimonials\"><p>Formidable endroit, propice \u00e0 la lecture et \u00e0 l'\u00e9tude offrant le recul n\u00e9cessaire avec la soci\u00e9t\u00e9 incitant \u00e0 la r\u00e9flexion. Superbes randonn\u00e9es, for\u00eats somptueuses, de quoi retoucher ce que la vie peut nous offrir de plus authentique.\r\n\r\n427lolo, Neuch\u00e2tel,Suisse, le 9 octobre 2017 sur Tripadvisor<\/p><cite> calme, randos et r\u00e9flexion<\/cite><\/li><li class=\"list_testimonials\"><p>Voil\u00e0 un tr\u00e8s joli chalet typique, isol\u00e9 avec une vue splendide.\r\nIl est confortable, spacieux et d\u00e9cor\u00e9 avec go\u00fbt.\r\nL'accueil du propri\u00e9taire est tr\u00e8s attentionn\u00e9.\r\nMerci encore.\r\n<div class=\"username mo\"><span class=\"expand_inline scrname\">Carop83,\u00a0<\/span><span class=\"expand_inline userLocation\">Toulon, France le 19 septembre 2017 sur Tripadvisor<\/span><\/div><\/p><cite> Magnifique<\/cite><\/li><li class=\"list_testimonials\"><p>Superbe Mayen en pleine nature, grande tranquillit\u00e9, tr\u00e8s bien \u00e9quip\u00e9, et une vue \u00e0 couper le souffle, merci \u00e0 Pascal pour son accueil on reviendra\r\n\r\nMarijule, Romont, Suisse, le 3 septembre 2017 sur Tripadvisor<\/p><cite> Magnifique endroit \u00e0 d\u00e9couvrir<\/cite><\/li><li class=\"list_testimonials\"><p>J'ai eu le plaisir de passer une semaine dans ce superbe mayen.\r\nL\u2019accueil de pascal f\u00fbt chaleureux, Il a m\u00eame pris la peine de porter l'un de mes bagages.\r\nIl y avait \u00e9galement une petite bouteille de blanc ainsi que de la viande s\u00e9ch\u00e9e m'attendaient dans le frigo \ud83d\ude42\r\nSinon ce lieu est id\u00e9al pour se ressourcer et passer du temps nature.\r\nLe mayen \u00e9tait \u00e9galement tr\u00e8s propre et fid\u00e8le aux photos\r\n\r\nMargaux, le 10 juin 2017 sur Tripadvor<\/p><cite> Superbe<\/cite><\/li><li class=\"list_testimonials\"><p>Le \"nid\", c'est l'endroit id\u00e9al pour se ressourcer dans un cadre naturel et magnifique. La montagne est splendide, les balades vari\u00e9es et sauvages, le coin isol\u00e9 avec une exposition id\u00e9ale question ensoleillement. C'est comme un retour aux sources avec tout le confort! Le chauffage au po\u00eale (pierre olaire) et l'int\u00e9rieur en bois font de ce Mayen un endroit charmant et reposant. La d\u00e9co est simple mais jolie. Les vaches d'H\u00e9rens ne sont pas loin et si l'on a de la chance, les chamois et les cerfs seront au rdv dans cette r\u00e9serve de faune, cela m'est arriv\u00e9 de les voir \u00e0 20 m\u00e8tres de la porte!\r\nLe village d'Evol\u00e8ne (environ 10min en voiture) est typique et convivial et on y mange tr\u00e8s bien (quelques adresses incontournables, dont Chez Raymonde et la Taverne Evolenarde pour ne citer que ces deux). L'architecte devenu le petit \u00e9picier du coin, les boulangeries proposant le fameux pain de seigle valaisan, la petite boutique de laine et autres tissus traditionnels ainsi que l'\u00e9levage de yacks l\u00e0-haut sur la montagne viennent compl\u00e9ter le tableau \u00e0 la perfection.\r\nPour terminer, l'h\u00f4te, Pascal qui a su garder l'esprit du Mayen, est super attentionn\u00e9 et disponible. L'endroit est toujours parfaitement pr\u00e9par\u00e9 et je suis \u00e0 chaque fois accueillie avec beaucoup de gentillesse et d'humanit\u00e9. En fait cela fait des ann\u00e9es que je monte au Nid et que je ne peux simplement plus m'en passer \ud83d\ude09\r\n\r\nJenny F - le 23 octobre 2017 sur Tripadvisor<\/p><cite> Un ptit coin d&#8217;paradis pour un coin d&#8217;parasol<\/cite><\/li><\/ul><br \/>\n<\/div><br \/>\n<div style=\"clear:both; min-height:20px; margin:25px 0; height:20px; background:url(https:\/\/mayen-evolene.net\/wp-content\/themes\/skt_hotel\/images\/hr_double.png) repeat-x center center transparent;\"><\/div><\/p>\n<h2>Zugang<\/h2>\n<p><div class=\"\" style=\"width:100%;\"><br \/>\n<div id=\"wpgmza_map\" class=\"wpgmza_map\" data-settings='{\"id\":\"1\",\"map_title\":\"Nid d\\\\&amp;#039;Aigle\",\"map_width\":\"100\",\"map_height\":\"400\",\"map_start_lat\":\"46.145856\",\"map_start_lng\":\"7.474598\",\"map_start_location\":\"46.14585626866522,7.474597718750018\",\"map_start_zoom\":\"10\",\"default_marker\":\"0\",\"type\":\"1\",\"alignment\":\"1\",\"directions_enabled\":\"1\",\"styling_enabled\":\"0\",\"styling_json\":\"\",\"active\":\"0\",\"kml\":\"\",\"bicycle\":\"0\",\"traffic\":\"0\",\"dbox\":\"1\",\"dbox_width\":\"100\",\"listmarkers\":\"0\",\"listmarkers_advanced\":\"0\",\"filterbycat\":\"0\",\"ugm_enabled\":\"0\",\"ugm_category_enabled\":\"0\",\"fusion\":\"\",\"map_width_type\":\"\\\\%\",\"map_height_type\":\"px\",\"mass_marker_support\":\"1\",\"ugm_access\":\"0\",\"order_markers_by\":\"1\",\"order_markers_choice\":\"2\",\"show_user_location\":\"0\",\"default_to\":\"\",\"other_settings\":{\"store_locator_enabled\":2,\"store_locator_distance\":2,\"store_locator_default_radius\":\"10\",\"store_locator_not_found_message\":\"No results found in this location. Please try again.\",\"store_locator_bounce\":1,\"store_locator_query_string\":\"Code Postal \\\/ Adresse\",\"store_locator_default_address\":\"\",\"wpgmza_store_locator_restrict\":\"\",\"map_max_zoom\":\"1\",\"transport_layer\":0,\"wpgmza_theme_data\":\"\",\"wpgmza_show_points_of_interest\":1,\"bicycle\":\"0\",\"traffic\":\"0\"}}' data-map-id='1' Data-maps-engine='' data-shortcode-attributes='{\"id\":\"1\"}' style=\"display:block; overflow:auto; width:100%; height:400px; float:left;\"><\/div><br \/>\n<\/div><br \/>\n<div style=\"clear:both; min-height:20px; margin:25px 0; height:20px; background:url(https:\/\/mayen-evolene.net\/wp-content\/themes\/skt_hotel\/images\/hr_double.png) repeat-x center center transparent;\"><\/div><\/p>\n<h2>Evol\u00e8ne, eines der sch\u00f6nsten Dorfes der Schweiz (Eringertal,Wallis)<\/h2>\n<p>Evol\u00e8ne: das Traumziel f\u00fcr Wanderer und Bergfreunde. Das H\u00e9rens Tal (Eringertal) ist sicherlich eines der sch\u00f6nsten T\u00e4ler der Alpen. Es bietet wundersch\u00f6ne Landschaften in einem wilden Umfeld f\u00fcr aktive oder gem\u00fctliche Ferien. Stellen Sie sich Sie vor, im Herzen einer Hochgebirgsumwelt eintauchen zu k\u00f6nnen.. Nichts anders als unz\u00e4hlige Gletscher und gewaltigen Gipfel soweit das Auge reicht: Dent Blanche, Cervin, Mont Blanc de Cheilon, Pigne d\u2019Arolla\u2026 Die Region von Evol\u00e8ne hat sich seine urt\u00fcmliche Seele mit einem lebendigen urchigen Dialekt (Patois), einer vollkommen bewahrten Landschaft mit Bergbauernbetrieben erhalten k\u00f6nnen.<\/p>\n<p><a href=\"https:\/\/alpes-pures.com\/de\" target=\"_blank\" rel=\"noopener noreferrer\"><img decoding=\"async\" src=\"https:\/\/mayen-evolene.net\/wp-content\/uploads\/2019\/12\/Evolene-Herens-Valais-Suisse.jpg\" alt=\"Maiens\u00e4sse &amp; Ferienwohnungen (FeWo) vermitung : Authentisches Geh\u00e4use, exklusive Ansichten, zur\u00fcck zur Natur, Zeitlupe und digital detox Eringertal, Wallis,Schweiz\" width=\"1500px\" \/><\/a><\/p>\n<p><script src=\"https:\/\/apps.elfsight.com\/p\/platform.js\" defer=\"\"><\/script><\/p>\n<div class=\"elfsight-app-f1fdaab9-1bd0-4dff-a846-1f96293e4aa0\"><\/div>\n","protected":false},"excerpt":{"rendered":"<p>Ferien in einer abgelegenen H\u00fctte | Maiens\u00e4ss zu mieten in Wallis \u00fcber Evol\u00e8ne (Eringertal-Schweiz) Bildgalerie Chalet Adlernest Ferien in Alph\u00fctte | Maiens\u00e4ss zu mieten in Wallis : Bewertungen Zugang Evol\u00e8ne, eines der sch\u00f6nsten Dorfes der Schweiz (Eringertal,Wallis) Evol\u00e8ne: das Traumziel&#8230; <\/p>\n","protected":false},"author":1,"featured_media":0,"parent":0,"menu_order":0,"comment_status":"closed","ping_status":"closed","template":"","meta":{"footnotes":""},"class_list":["post-454","page","type-page","status-publish","hentry"],"yoast_head":"<!-- This site is optimized with the Yoast SEO plugin v27.3 - https:\/\/yoast.com\/product\/yoast-seo-wordpress\/ -->\n<title>Ferien und R\u00fcckzug in Alph\u00fctte | Maiens\u00e4ss in Wallis (Eringertal,Schweiz)<\/title>\n<meta name=\"description\" content=\"Ihre Ferien in Alph\u00fctte | in einem authentischen Maiens\u00e4ss im Jahre 1911 gebaut \u2764\ufe0fR\u00fcckzugsort in der Wildnis \u2714\ufe0f Slowlife \u2714\ufe0f Digitaldetox \u2714\ufe0f\" \/>\n<meta name=\"robots\" content=\"index, follow, max-snippet:-1, max-image-preview:large, max-video-preview:-1\" \/>\n<link rel=\"canonical\" href=\"https:\/\/mayen-evolene.net\/de\/\" \/>\n<meta property=\"og:locale\" content=\"de_DE\" \/>\n<meta property=\"og:type\" content=\"article\" \/>\n<meta property=\"og:title\" content=\"Ferien und R\u00fcckzug in Alph\u00fctte | Maiens\u00e4ss in Wallis (Eringertal,Schweiz)\" \/>\n<meta property=\"og:description\" content=\"Ihre Ferien in Alph\u00fctte | in einem authentischen Maiens\u00e4ss im Jahre 1911 gebaut \u2764\ufe0fR\u00fcckzugsort in der Wildnis \u2714\ufe0f Slowlife \u2714\ufe0f Digitaldetox \u2714\ufe0f\" \/>\n<meta property=\"og:url\" content=\"https:\/\/mayen-evolene.net\/de\/\" \/>\n<meta property=\"og:site_name\" content=\"Chalet Nid dAigle \u00a6 Mayen \u00e0 louer en Valais \u00a6 Mazot Evol\u00e8ne H\u00e9rens Suisse\" \/>\n<meta property=\"article:modified_time\" content=\"2023-04-04T15:35:36+00:00\" \/>\n<meta property=\"og:image\" content=\"https:\/\/mayen-evolene.net\/wp-content\/uploads\/2016\/06\/Logo_Nid_Aigle_Volvoron.jpg\" \/>\n<meta name=\"twitter:card\" content=\"summary_large_image\" \/>\n<meta name=\"twitter:label1\" content=\"Gesch\u00e4tzte Lesezeit\" \/>\n\t<meta name=\"twitter:data1\" content=\"3\u00a0Minuten\" \/>\n<script type=\"application\/ld+json\" class=\"yoast-schema-graph\">{\"@context\":\"https:\\\/\\\/schema.org\",\"@graph\":[{\"@type\":\"WebPage\",\"@id\":\"https:\\\/\\\/mayen-evolene.net\\\/de\\\/\",\"url\":\"https:\\\/\\\/mayen-evolene.net\\\/de\\\/\",\"name\":\"Ferien und R\u00fcckzug in Alph\u00fctte | Maiens\u00e4ss in Wallis (Eringertal,Schweiz)\",\"isPartOf\":{\"@id\":\"https:\\\/\\\/mayen-evolene.net\\\/de\\\/#website\"},\"primaryImageOfPage\":{\"@id\":\"https:\\\/\\\/mayen-evolene.net\\\/de\\\/#primaryimage\"},\"image\":{\"@id\":\"https:\\\/\\\/mayen-evolene.net\\\/de\\\/#primaryimage\"},\"thumbnailUrl\":\"https:\\\/\\\/mayen-evolene.net\\\/wp-content\\\/uploads\\\/2016\\\/06\\\/Logo_Nid_Aigle_Volvoron.jpg\",\"datePublished\":\"2019-09-05T14:27:33+00:00\",\"dateModified\":\"2023-04-04T15:35:36+00:00\",\"description\":\"Ihre Ferien in Alph\u00fctte | in einem authentischen Maiens\u00e4ss im Jahre 1911 gebaut \u2764\ufe0fR\u00fcckzugsort in der Wildnis \u2714\ufe0f Slowlife \u2714\ufe0f Digitaldetox \u2714\ufe0f\",\"breadcrumb\":{\"@id\":\"https:\\\/\\\/mayen-evolene.net\\\/de\\\/#breadcrumb\"},\"inLanguage\":\"de\",\"potentialAction\":[{\"@type\":\"ReadAction\",\"target\":[\"https:\\\/\\\/mayen-evolene.net\\\/de\\\/\"]}]},{\"@type\":\"ImageObject\",\"inLanguage\":\"de\",\"@id\":\"https:\\\/\\\/mayen-evolene.net\\\/de\\\/#primaryimage\",\"url\":\"https:\\\/\\\/mayen-evolene.net\\\/wp-content\\\/uploads\\\/2016\\\/06\\\/Logo_Nid_Aigle_Volvoron.jpg\",\"contentUrl\":\"https:\\\/\\\/mayen-evolene.net\\\/wp-content\\\/uploads\\\/2016\\\/06\\\/Logo_Nid_Aigle_Volvoron.jpg\"},{\"@type\":\"BreadcrumbList\",\"@id\":\"https:\\\/\\\/mayen-evolene.net\\\/de\\\/#breadcrumb\",\"itemListElement\":[{\"@type\":\"ListItem\",\"position\":1,\"name\":\"Accueil\",\"item\":\"https:\\\/\\\/mayen-evolene.net\\\/de\\\/\"},{\"@type\":\"ListItem\",\"position\":2,\"name\":\"Ferien in einer abgelegenen H\u00fctte | Maiens\u00e4ss zu mieten in Wallis\"}]},{\"@type\":\"WebSite\",\"@id\":\"https:\\\/\\\/mayen-evolene.net\\\/de\\\/#website\",\"url\":\"https:\\\/\\\/mayen-evolene.net\\\/de\\\/\",\"name\":\"Chalet Nid dAigle \u00a6 Mayen \u00e0 louer en Valais \u00a6 Mazot Evol\u00e8ne H\u00e9rens Suisse\",\"description\":\"\",\"potentialAction\":[{\"@type\":\"SearchAction\",\"target\":{\"@type\":\"EntryPoint\",\"urlTemplate\":\"https:\\\/\\\/mayen-evolene.net\\\/de\\\/?s={search_term_string}\"},\"query-input\":{\"@type\":\"PropertyValueSpecification\",\"valueRequired\":true,\"valueName\":\"search_term_string\"}}],\"inLanguage\":\"de\"}]}<\/script>\n<!-- \/ Yoast SEO plugin. -->","yoast_head_json":{"title":"Ferien und R\u00fcckzug in Alph\u00fctte | Maiens\u00e4ss in Wallis (Eringertal,Schweiz)","description":"Ihre Ferien in Alph\u00fctte | in einem authentischen Maiens\u00e4ss im Jahre 1911 gebaut \u2764\ufe0fR\u00fcckzugsort in der Wildnis \u2714\ufe0f Slowlife \u2714\ufe0f Digitaldetox \u2714\ufe0f","robots":{"index":"index","follow":"follow","max-snippet":"max-snippet:-1","max-image-preview":"max-image-preview:large","max-video-preview":"max-video-preview:-1"},"canonical":"https:\/\/mayen-evolene.net\/de\/","og_locale":"de_DE","og_type":"article","og_title":"Ferien und R\u00fcckzug in Alph\u00fctte | Maiens\u00e4ss in Wallis (Eringertal,Schweiz)","og_description":"Ihre Ferien in Alph\u00fctte | in einem authentischen Maiens\u00e4ss im Jahre 1911 gebaut \u2764\ufe0fR\u00fcckzugsort in der Wildnis \u2714\ufe0f Slowlife \u2714\ufe0f Digitaldetox \u2714\ufe0f","og_url":"https:\/\/mayen-evolene.net\/de\/","og_site_name":"Chalet Nid dAigle \u00a6 Mayen \u00e0 louer en Valais \u00a6 Mazot Evol\u00e8ne H\u00e9rens Suisse","article_modified_time":"2023-04-04T15:35:36+00:00","og_image":[{"url":"https:\/\/mayen-evolene.net\/wp-content\/uploads\/2016\/06\/Logo_Nid_Aigle_Volvoron.jpg","type":"","width":"","height":""}],"twitter_card":"summary_large_image","twitter_misc":{"Gesch\u00e4tzte Lesezeit":"3\u00a0Minuten"},"schema":{"@context":"https:\/\/schema.org","@graph":[{"@type":"WebPage","@id":"https:\/\/mayen-evolene.net\/de\/","url":"https:\/\/mayen-evolene.net\/de\/","name":"Ferien und R\u00fcckzug in Alph\u00fctte | Maiens\u00e4ss in Wallis (Eringertal,Schweiz)","isPartOf":{"@id":"https:\/\/mayen-evolene.net\/de\/#website"},"primaryImageOfPage":{"@id":"https:\/\/mayen-evolene.net\/de\/#primaryimage"},"image":{"@id":"https:\/\/mayen-evolene.net\/de\/#primaryimage"},"thumbnailUrl":"https:\/\/mayen-evolene.net\/wp-content\/uploads\/2016\/06\/Logo_Nid_Aigle_Volvoron.jpg","datePublished":"2019-09-05T14:27:33+00:00","dateModified":"2023-04-04T15:35:36+00:00","description":"Ihre Ferien in Alph\u00fctte | in einem authentischen Maiens\u00e4ss im Jahre 1911 gebaut \u2764\ufe0fR\u00fcckzugsort in der Wildnis \u2714\ufe0f Slowlife \u2714\ufe0f Digitaldetox \u2714\ufe0f","breadcrumb":{"@id":"https:\/\/mayen-evolene.net\/de\/#breadcrumb"},"inLanguage":"de","potentialAction":[{"@type":"ReadAction","target":["https:\/\/mayen-evolene.net\/de\/"]}]},{"@type":"ImageObject","inLanguage":"de","@id":"https:\/\/mayen-evolene.net\/de\/#primaryimage","url":"https:\/\/mayen-evolene.net\/wp-content\/uploads\/2016\/06\/Logo_Nid_Aigle_Volvoron.jpg","contentUrl":"https:\/\/mayen-evolene.net\/wp-content\/uploads\/2016\/06\/Logo_Nid_Aigle_Volvoron.jpg"},{"@type":"BreadcrumbList","@id":"https:\/\/mayen-evolene.net\/de\/#breadcrumb","itemListElement":[{"@type":"ListItem","position":1,"name":"Accueil","item":"https:\/\/mayen-evolene.net\/de\/"},{"@type":"ListItem","position":2,"name":"Ferien in einer abgelegenen H\u00fctte | Maiens\u00e4ss zu mieten in Wallis"}]},{"@type":"WebSite","@id":"https:\/\/mayen-evolene.net\/de\/#website","url":"https:\/\/mayen-evolene.net\/de\/","name":"Chalet Nid dAigle \u00a6 Mayen \u00e0 louer en Valais \u00a6 Mazot Evol\u00e8ne H\u00e9rens Suisse","description":"","potentialAction":[{"@type":"SearchAction","target":{"@type":"EntryPoint","urlTemplate":"https:\/\/mayen-evolene.net\/de\/?s={search_term_string}"},"query-input":{"@type":"PropertyValueSpecification","valueRequired":true,"valueName":"search_term_string"}}],"inLanguage":"de"}]}},"_links":{"self":[{"href":"https:\/\/mayen-evolene.net\/de\/wp-json\/wp\/v2\/pages\/454","targetHints":{"allow":["GET"]}}],"collection":[{"href":"https:\/\/mayen-evolene.net\/de\/wp-json\/wp\/v2\/pages"}],"about":[{"href":"https:\/\/mayen-evolene.net\/de\/wp-json\/wp\/v2\/types\/page"}],"author":[{"embeddable":true,"href":"https:\/\/mayen-evolene.net\/de\/wp-json\/wp\/v2\/users\/1"}],"replies":[{"embeddable":true,"href":"https:\/\/mayen-evolene.net\/de\/wp-json\/wp\/v2\/comments?post=454"}],"version-history":[{"count":5,"href":"https:\/\/mayen-evolene.net\/de\/wp-json\/wp\/v2\/pages\/454\/revisions"}],"predecessor-version":[{"id":681,"href":"https:\/\/mayen-evolene.net\/de\/wp-json\/wp\/v2\/pages\/454\/revisions\/681"}],"wp:attachment":[{"href":"https:\/\/mayen-evolene.net\/de\/wp-json\/wp\/v2\/media?parent=454"}],"curies":[{"name":"wp","href":"https:\/\/api.w.org\/{rel}","templated":true}]}}